{"id":1025,"date":"2024-05-13T11:43:52","date_gmt":"2024-05-13T09:43:52","guid":{"rendered":"https:\/\/trinidadarroyo.org\/aprende\/?page_id=1025"},"modified":"2025-04-16T11:07:41","modified_gmt":"2025-04-16T09:07:41","slug":"memoria-historica-en-espana","status":"publish","type":"page","link":"https:\/\/trinidadarroyo.org\/aprende\/?page_id=1025","title":{"rendered":"La memoria hist\u00f3rica de la guerra civil y del franquismo en Espa\u00f1a"},"content":{"rendered":"<figure style=\"width: 880px\" class=\"wp-caption alignnone\"><a href=\"\/\/www.eldiario.es\/sociedad\/familia-inicio-lucha-exhumaciones-vuelve-cuelgamuros-sido-emocionante_1_11343466.html\" target=\"_blank\" rel=\"noopener\"><img loading=\"lazy\" decoding=\"async\" src=\"https:\/\/static.eldiario.es\/clip\/385ddbfc-14df-4fdd-b8fb-eca13da5e784_4-3-aspect-ratio_default_0.jpg\" alt=\"\" width=\"880\" height=\"660\" data-src=\"https:\/\/static.eldiario.es\/clip\/385ddbfc-14df-4fdd-b8fb-eca13da5e784_4-3-aspect-ratio_default_0.jpg\" data-ll-status=\"loaded\" \/><\/a><figcaption class=\"wp-caption-text\">Manuel Lape\u00f1a hijo y Purificaci\u00f3n Lape\u00f1a (nieta).<br \/><small>Fuente: <a href=\"https:\/\/www.eldiario.es\/sociedad\/familia-inicio-lucha-exhumaciones-vuelve-cuelgamuros-sido-emocionante_1_11343466.html\">https:\/\/www.eldiario.es\/sociedad\/familia-inicio-lucha-exhumaciones-vuelve-cuelgamuros-sido-emocionante_1_11343466.html<\/a><\/small><\/figcaption><\/figure>\n<h1>Introducci\u00f3n<\/h1>\n<ul>\n<li>\u00bfPara qu\u00e9 sirve la historia?<\/li>\n<li>\u00bfQu\u00e9 es la memoria hist\u00f3rica? (Derechos humanos)<\/li>\n<li>La memoria hist\u00f3rica en Espa\u00f1a: por qu\u00e9 estamos hablando de la guerra civil y del franquismo<\/li>\n<\/ul>\n<h1>Los hechos<\/h1>\n<ul>\n<li>Golpe de estado, rebeli\u00f3n militar que triunfa en parte del territorio -&gt; guerra civil<\/li>\n<li>En los frentes de batalla: unos 300.000 muertos<\/li>\n<li>La represi\u00f3n en las retaguardias: entre 150.000 y 200.000 muertos. (Paseos, sacas, fosas, exilio) (Unas 50.000 fueron responsabilidad de los republicanos y unas 130.000, al menos, de los sublevados).\n<ul>\n<li>Donde no hubo nunca guerra propiamente dicha: casi toda la provincia de Palencia, como ejemplo. Un caso concreto en Fuentes de Nava (Palencia), por Eulogio Herr\u00e1n <a href=\"http:\/\/jei.pangea.org\/eulogio\/\">http:\/\/jei.pangea.org\/eulogio\/<\/a><\/li>\n<li>La desigualdad entre los dos bandos\n<ul>\n<li>En la retaguardia republicana. La represi\u00f3n (contra derechistas y contra la iglesia cat\u00f3lica) se produjo en los primeros meses de la guerra de forma descontrolada pero despu\u00e9s las autoridades republicanas la eliminaron de forma general.<\/li>\n<li>En la retaguardia franquista. En el bando franquista, por el contrario, los fusilamientos se produjeron durante toda la guerra (e incluso despu\u00e9s de ella), tanto de forma extraoficial, pero con conocimiento de las autoridades (\u201clos paseos\u201d y enterramientos en las cunetas), como de forma oficial (juicios sin garant\u00edas, pero formales; Consejos de Guerra donde se acusa de \u201crebeli\u00f3n militar\u201d a quienes hab\u00edan permanecido fieles a la legalidad republicana) y planificada (los propios dirigentes explicitan la voluntad de \u201cacabar\u201d con la oposici\u00f3n presente y futura).<br \/>\n<span style=\"color: #808080;\"><em>Por ejemplo,<\/em><\/span><\/p>\n<ul>\n<li><span style=\"color: #808080;\"><em>en Badajoz, en agosto de 1936, el general franquista Yag\u00fce manda ejecutar a casi 4000 personas<\/em><\/span><\/li>\n<li><span style=\"color: #808080;\"><em>el general franquista Queipo de Llano habla de \u201chacerlos desaparecer a todos\u201d, justifica las violaciones de las mujeres republicanas y mata a entre 3000 y 5000 civiles que huyen a pie de M\u00e1laga (\u201cLa desband\u00e1\u201d, febrero 1937)<\/em><\/span>.<\/li>\n<\/ul>\n<\/li>\n<\/ul>\n<\/li>\n<li>Despu\u00e9s de la victoria franquista: represi\u00f3n (condenas a muerte, encarcelamientos. Exilio.\n<ul>\n<li>Una vez acabada la guerra, entre 30.000 y 50.000 ejecutados por el franquismo (y muchas m\u00e1s personas, encarceladas y torturadas).<\/li>\n<li>Exiliados: unos 500.000 republicanos abandonaron el pa\u00eds de forma forzosa al finalizar la guerra\u00a0 (por peligro de encarcelamiento o condena a muerte). Se dirigen hacia Francia (donde son hacinados en campos de concentraci\u00f3n), hacia la URSS y hacia M\u00e9jico, donde son bien acogidos por las autoridades.<\/li>\n<li>La represi\u00f3n contin\u00faa muchos a\u00f1os despu\u00e9s de la guera<\/li>\n<\/ul>\n<\/li>\n<\/ul>\n<\/li>\n<\/ul>\n<h1>\u00bfQu\u00e9 sucedi\u00f3 despu\u00e9s: la manipulaci\u00f3n de la memoria y la desmemoria<\/h1>\n<h2>\u00abMemoria\u00bb manipulada durante la dictadura franquista<\/h2>\n<ul>\n<li>autoglorificaci\u00f3n franquista y adoctrinamiento<\/li>\n<li>denigraci\u00f3n y olvido de las v\u00edctimas del franquismo (los muertos en las cunetas, en las fosas&#8230; : no se exhuman,\u00a0 no se mencionan, no se se se\u00f1alan&#8230;)<\/li>\n<li>Valle de los Ca\u00eddos (hoy, Valle de Cuelgamuros; construcci\u00f3n: 1940-1959). Monumento franquista que se intenta falsamente presentar como \u00abde todos\u00bb).<\/li>\n<\/ul>\n<h2>La transici\u00f3n: la \u00abdesmemoria\u00bb sobre las v\u00edctimas del franquismo<\/h2>\n<p>\u00bfPor qu\u00e9 no se aborda la memoria hist\u00f3rica en ese momento?<\/p>\n<ul>\n<li>Amnist\u00eda y \u00abborr\u00f3n y cuenta nueva\u00bb.<\/li>\n<li>La pervivencia del franquismo y las amenazas golpistas.<\/li>\n<\/ul>\n<h2>Acabada la transici\u00f3n, tampoco se aborda la memoria hist\u00f3rica y la reparaci\u00f3n hacia las v\u00edctimas del franquismo<\/h2>\n<p>\u00abLa ONU ha reclamado repetidamente a Espa\u00f1a que investigue tanto los cr\u00edmenes del franquismo como los desaparecidos de la dictadura.\u00bb\u00a0 <a href=\"https:\/\/es.wikipedia.org\/wiki\/Desaparecidos_durante_el_franquismo\">https:\/\/es.wikipedia.org\/wiki\/Desaparecidos_durante_el_franquismo<\/a><\/p>\n<h2>La iniciativa popular comienza a exhumar algunas fosas<\/h2>\n<p>Asociaci\u00f3n para la Recuperaci\u00f3n de la Memoria Hist\u00f3rica <a href=\"https:\/\/memoriahistorica.org.es\/\">https:\/\/memoriahistorica.org.es\/<\/a><\/p>\n<p>Foros por la memoria\u00a0<a href=\"https:\/\/www.foroporlamemoria.info\/\">https:\/\/www.foroporlamemoria.info\/<\/a><\/p>\n<h2>Las leyes de memoria estatales<\/h2>\n<ul>\n<li>Ley de la Memoria Hist\u00f3rica de 2007 <a href=\"https:\/\/es.wikipedia.org\/wiki\/Ley_de_Memoria_Hist%C3%B3rica_de_Espa%C3%B1a\">https:\/\/es.wikipedia.org\/wiki\/Ley_de_Memoria_Hist%C3%B3rica_de_Espa%C3%B1a<\/a><\/li>\n<li>Ley de Memoria Democr\u00e1tica de 2022\u00a0 <a href=\"https:\/\/es.wikipedia.org\/wiki\/Ley_de_Memoria_Democr%C3%A1tica\">https:\/\/es.wikipedia.org\/wiki\/Ley_de_Memoria_Democr%C3%A1tica<\/a><\/li>\n<\/ul>\n<h1>La necesidad de la memoria hist\u00f3rica, tantos a\u00f1os despu\u00e9s: hijos\/as y nietos\/as contin\u00faan buscando a sus familiares<\/h1>\n<h2>Contin\u00faan las fosas, y m\u00e1s de 114.000 desaparecidos\/as<\/h2>\n<ul>\n<li>\u00abSeg\u00fan cifras oficiales, los cuerpos de 114.226 v\u00edctimas de la guerra civil y la dictadura franquista contin\u00faan desaparecidos a d\u00eda de hoy. La mayor\u00eda, enterrados en fosas comunes de las que solo se han localizado 2.615. De estas, \u00fanicamente 531 han sido exhumadas total o parcialmente. Las otras 1.049 permanecen sin intervenir.\u00bb <span style=\"color: #999999;\">\u00a0(Fuente: <a style=\"color: #999999;\" href=\"https:\/\/www.eldiario.es\/murcia\/politica\/broma-vox-lorca-mantener-medalla-honor-franco-ayuda-pp-humillacion-victimas_1_12222592.html\">https:\/\/www.eldiario.es\/murcia\/politica\/broma-vox-lorca-mantener-medalla-honor-franco-ayuda-pp-humillacion-victimas_1_12222592.html<\/a> )<\/span><\/li>\n<li>Se tienen localizadas unas 3000 fosas comunes. Entre los a\u00f1os 2000 y 2018, se han abierto 740 fosas comunes, de las que se han recuperado m\u00e1s de 9.000 cad\u00e1veres. <a href=\"https:\/\/www.newtral.es\/espana-camboya-fosas-comunes-desaparecidos-onu\/20191104\/\">\u00a0https:\/\/www.newtral.es\/espana-camboya-fosas-comunes-desaparecidos-onu\/20191104\/<\/a><\/li>\n<li>En Castilla y Le\u00f3n hay 680 fosas documentadas y catalogadas <a href=\"https:\/\/www.jcyl.es\/web\/es\/administracionpublica\/memoria-historica-democratica\/mapa-fosas-castilla-leon.html\">https:\/\/www.jcyl.es\/web\/es\/administracionpublica\/memoria-historica-democratica\/mapa-fosas-castilla-leon.html<\/a><\/li>\n<\/ul>\n<figure style=\"width: 838px\" class=\"wp-caption alignnone\"><a style=\"font-weight: bold; background-color: transparent;\" href=\"https:\/\/upload.wikimedia.org\/wikipedia\/commons\/3\/37\/Mapadefosas-mjusticia-es.jpg\" target=\"_blank\" rel=\"noopener\"><img loading=\"lazy\" decoding=\"async\" src=\"https:\/\/upload.wikimedia.org\/wikipedia\/commons\/3\/37\/Mapadefosas-mjusticia-es.jpg\" alt=\"\" width=\"838\" height=\"800\" \/><\/a><figcaption class=\"wp-caption-text\">Fosas localizadas con v\u00edctimas republicanas (No hay fosas de v\u00edctimas franquistas, puesto que fueron enterradas adecuadamente). <br \/><small>Fuente: https:\/\/es.wikipedia.org\/wiki\/Ley_de_Memoria_Hist%C3%B3rica_de_Espa%C3%B1a#\/media\/Archivo:Mapadefosas-mjusticia-es.jpg<\/small><\/figcaption><\/figure>\n<figure id=\"attachment_1049\" aria-describedby=\"caption-attachment-1049\" style=\"width: 655px\" class=\"wp-caption alignnone\"><img loading=\"lazy\" decoding=\"async\" class=\"wp-image-1049 size-full\" src=\"https:\/\/trinidadarroyo.org\/wp1\/wp-content\/uploads\/2024\/05\/Fosas-provincia-de-Palencia-2022.png\" alt=\"\" width=\"655\" height=\"934\" srcset=\"https:\/\/trinidadarroyo.org\/wp1\/wp-content\/uploads\/2024\/05\/Fosas-provincia-de-Palencia-2022.png 655w, https:\/\/trinidadarroyo.org\/wp1\/wp-content\/uploads\/2024\/05\/Fosas-provincia-de-Palencia-2022-281x400.png 281w\" sizes=\"auto, (max-width: 655px) 100vw, 655px\" \/><figcaption id=\"caption-attachment-1049\" class=\"wp-caption-text\">Fosas comunes documentadas en la provincia de Palencia &#8211; 2022. <br \/><small>Fuente: https:\/\/www.jcyl.es\/web\/jcyl\/binarios\/144\/987\/Memoria.%20Mapa%20de%20Fosas%20CyL.pdf<\/small><\/figcaption><\/figure>\n<p>+ info:<\/p>\n<ul>\n<li><a href=\"https:\/\/www.mpr.gob.es\/memoriademocratica\/mapa-de-fosas\/Paginas\/gu-a-de-fosas-por-comunidades-aut-nomas.aspx\">https:\/\/www.mpr.gob.es\/memoriademocratica\/mapa-de-fosas\/Paginas\/gu-a-de-fosas-por-comunidades-aut-nomas.aspx<\/a><\/li>\n<li><a href=\"https:\/\/memoriahistorica.org.es\/mapa-de-la-verguenza\/\">https:\/\/memoriahistorica.org.es\/mapa-de-la-verguenza\/<\/a><\/li>\n<\/ul>\n<h2>Contin\u00faan muchos monumentos, inscripciones&#8230;<\/h2>\n<p>Un ejemplo: <a href=\"https:\/\/es.wikipedia.org\/wiki\/Pir%C3%A1mide_de_los_italianos\">https:\/\/es.wikipedia.org\/wiki\/Pir%C3%A1mide_de_los_italianos<\/a><\/p>\n<h2>Contin\u00faan 12000 cad\u00e1veres sin identificar en el el Valle de Cuelgamuros<\/h2>\n<p>Un ejemplo:\u00a0 <a href=\"https:\/\/www.eldiario.es\/sociedad\/familia-inicio-lucha-exhumaciones-vuelve-cuelgamuros-sido-emocionante_1_11343466.html\">https:\/\/www.eldiario.es\/sociedad\/familia-inicio-lucha-exhumaciones-vuelve-cuelgamuros-sido-emocionante_1_11343466.html<\/a><\/p>\n<h2>Presente y futuro&#8230;<\/h2>\n<p>En Alemania no se concibe que pueda haber un monumento glorificando a Hitler&#8230; \u00bfPor qu\u00e9 es tan dif\u00edcil en Espa\u00f1a cumplir con la memoria hist\u00f3rica, con el respeto a los derechos humanos?<\/p>\n<hr \/>\n<h1>[M\u00e1s: algunas noticias recientes]<\/h1>\n<p><a href=\"https:\/\/www.eldiario.es\/temas\/memoria-historica\/\">https:\/\/www.eldiario.es\/temas\/memoria-historica\/<\/a><\/p>\n<hr \/>\n<p><strong><em>Elaborado por Jos\u00e9 Emiliano Ib\u00e1\u00f1ez Herr\u00e1n &#8211; 2024<\/em><\/strong><\/p>\n<p>&nbsp;<\/p>\n<p>&nbsp;<\/p>\n<p>&nbsp;<\/p>\n<p>&nbsp;<\/p>\n<p>&nbsp;<\/p>\n<p>&nbsp;<\/p>\n<p>&nbsp;<\/p>\n","protected":false},"excerpt":{"rendered":"<p>Introducci\u00f3n \u00bfPara qu\u00e9 sirve la historia? \u00bfQu\u00e9 es la memoria hist\u00f3rica? (Derechos humanos) La memoria hist\u00f3rica en Espa\u00f1a: por qu\u00e9 estamos hablando de la guerra civil y del franquismo Los hechos Golpe de estado, rebeli\u00f3n militar que triunfa en parte del territorio -&gt; guerra civil En los frentes de batalla: unos 300.000 muertos La represi\u00f3n &hellip; <a href=\"https:\/\/trinidadarroyo.org\/aprende\/?page_id=1025\" class=\"more-link\">Seguir leyendo <span class=\"screen-reader-text\">La memoria hist\u00f3rica de la guerra civil y del franquismo en Espa\u00f1a<\/span> <span class=\"meta-nav\">&rarr;<\/span><\/a><\/p>\n","protected":false},"author":2,"featured_media":1104,"parent":458,"menu_order":0,"comment_status":"closed","ping_status":"closed","template":"","meta":{"footnotes":""},"class_list":["post-1025","page","type-page","status-publish","has-post-thumbnail","hentry"],"_links":{"self":[{"href":"https:\/\/trinidadarroyo.org\/aprende\/index.php?rest_route=\/wp\/v2\/pages\/1025","targetHints":{"allow":["GET"]}}],"collection":[{"href":"https:\/\/trinidadarroyo.org\/aprende\/index.php?rest_route=\/wp\/v2\/pages"}],"about":[{"href":"https:\/\/trinidadarroyo.org\/aprende\/index.php?rest_route=\/wp\/v2\/types\/page"}],"author":[{"embeddable":true,"href":"https:\/\/trinidadarroyo.org\/aprende\/index.php?rest_route=\/wp\/v2\/users\/2"}],"replies":[{"embeddable":true,"href":"https:\/\/trinidadarroyo.org\/aprende\/index.php?rest_route=%2Fwp%2Fv2%2Fcomments&post=1025"}],"version-history":[{"count":49,"href":"https:\/\/trinidadarroyo.org\/aprende\/index.php?rest_route=\/wp\/v2\/pages\/1025\/revisions"}],"predecessor-version":[{"id":1106,"href":"https:\/\/trinidadarroyo.org\/aprende\/index.php?rest_route=\/wp\/v2\/pages\/1025\/revisions\/1106"}],"up":[{"embeddable":true,"href":"https:\/\/trinidadarroyo.org\/aprende\/index.php?rest_route=\/wp\/v2\/pages\/458"}],"wp:featuredmedia":[{"embeddable":true,"href":"https:\/\/trinidadarroyo.org\/aprende\/index.php?rest_route=\/wp\/v2\/media\/1104"}],"wp:attachment":[{"href":"https:\/\/trinidadarroyo.org\/aprende\/index.php?rest_route=%2Fwp%2Fv2%2Fmedia&parent=1025"}],"curies":[{"name":"wp","href":"https:\/\/api.w.org\/{rel}","templated":true}]}}