{"id":590,"date":"2023-03-27T20:27:51","date_gmt":"2023-03-27T18:27:51","guid":{"rendered":"https:\/\/trinidadarroyo.org\/aprende\/?page_id=590"},"modified":"2023-04-26T20:08:35","modified_gmt":"2023-04-26T18:08:35","slug":"ha-de-espana-10-1-1931-1936-la-segunda-republica","status":"publish","type":"page","link":"https:\/\/trinidadarroyo.org\/aprende\/?page_id=590","title":{"rendered":"H\u00aa de Espa\u00f1a, 10.1: 1931-1936&#8230; La Segunda Rep\u00fablica."},"content":{"rendered":"<hr \/>\n<p>Ir a <a href=\"https:\/\/trinidadarroyo.org\/aprende\/?page_id=458\">P\u00e1gina madre<\/a><\/p>\n<hr \/>\n<h3>\u25ca Fotograf\u00eda y otras im\u00e1genes<\/h3>\n<p><img decoding=\"async\" style=\"font-size: 16px; font-weight: 400;\" src=\"https:\/\/s1.eestatic.com\/2020\/08\/13\/cultura\/historia\/segunda_republica_espanola-guerra_civil_espanola-francisco_franco_512710174_168877062_1706x960.jpg\" width=\"350\" \/><\/p>\n<div id=\"yui_3_17_2_1_1679941093947_33\" class=\"no-overflow\">\n<p>Proclamaci\u00f3n de la Segunda Rep\u00fablica espa\u00f1ola en la Puerta del Sol, Madrid.<br \/>\nAlfonso S\u00e1nchez Portela \/ Museo Reina Sof\u00eda<\/p>\n<p>&#8212;<\/p>\n<p><a class=\"image\" href=\"https:\/\/commons.wikimedia.org\/wiki\/File:Niceto_Alcal%C3%A1-Zamora_(cropped).jpg\"><img loading=\"lazy\" decoding=\"async\" class=\"thumbimage\" src=\"https:\/\/upload.wikimedia.org\/wikipedia\/commons\/thumb\/2\/23\/Niceto_Alcal%C3%A1-Zamora_%28cropped%29.jpg\/220px-Niceto_Alcal%C3%A1-Zamora_%28cropped%29.jpg\" srcset=\"\/\/upload.wikimedia.org\/wikipedia\/commons\/thumb\/2\/23\/Niceto_Alcal%C3%A1-Zamora_%28cropped%29.jpg\/330px-Niceto_Alcal%C3%A1-Zamora_%28cropped%29.jpg 1.5x, \/\/upload.wikimedia.org\/wikipedia\/commons\/thumb\/2\/23\/Niceto_Alcal%C3%A1-Zamora_%28cropped%29.jpg\/440px-Niceto_Alcal%C3%A1-Zamora_%28cropped%29.jpg 2x\" alt=\"\" width=\"220\" height=\"329\" data-file-width=\"499\" data-file-height=\"747\" \/><\/a><\/p>\n<div class=\"thumbcaption\">\n<div class=\"magnify\">Niceto Alcal\u00e1-Zamora<\/div>\n<div class=\"magnify\">&#8212;<\/div>\n<div class=\"magnify\">\n<p><a href=\"https:\/\/upload.wikimedia.org\/wikipedia\/commons\/6\/66\/C1931.PNG\"><img loading=\"lazy\" decoding=\"async\" src=\"https:\/\/upload.wikimedia.org\/wikipedia\/commons\/6\/66\/C1931.PNG?20051204225639\" alt=\"File:C1931.PNG\" width=\"311\" height=\"193\" data-file-width=\"311\" data-file-height=\"193\" \/><\/a><\/p>\n<div class=\"thumbcaption\">\n<div class=\"magnify\"><\/div>\n<p>Las Cortes Constituyentes de 1931 (esca\u00f1os por partido).<\/p>\n<\/div>\n<div class=\"thumbcaption\">&#8212;<\/div>\n<div class=\"thumbcaption\"><\/div>\n<\/div>\n<p><a class=\"image\" href=\"https:\/\/commons.wikimedia.org\/wiki\/File:Manuel_Aza%C3%B1a_cropped.jpg\"><img loading=\"lazy\" decoding=\"async\" src=\"https:\/\/upload.wikimedia.org\/wikipedia\/commons\/thumb\/b\/b8\/Manuel_Aza%C3%B1a_cropped.jpg\/220px-Manuel_Aza%C3%B1a_cropped.jpg\" srcset=\"\/\/upload.wikimedia.org\/wikipedia\/commons\/thumb\/b\/b8\/Manuel_Aza%C3%B1a_cropped.jpg\/330px-Manuel_Aza%C3%B1a_cropped.jpg 1.5x, \/\/upload.wikimedia.org\/wikipedia\/commons\/b\/b8\/Manuel_Aza%C3%B1a_cropped.jpg 2x\" alt=\"Manuel Aza\u00f1a cropped.jpg\" width=\"220\" height=\"275\" data-file-width=\"430\" data-file-height=\"538\" \/><\/a><\/p>\n<\/div>\n<div class=\"thumbcaption\">\n<p>Manuel Aza\u00f1a (1933)<\/p>\n<\/div>\n<p>&#8212;<\/p>\n<table class=\"infobox biography vcard\">\n<tbody>\n<tr>\n<th colspan=\"3\">Alejandro Lerroux<\/th>\n<\/tr>\n<tr>\n<td colspan=\"3\"><a class=\"image\" href=\"https:\/\/commons.wikimedia.org\/wiki\/File:Alejandro_Lerroux_Garc%C3%ADa.jpg\"><img loading=\"lazy\" decoding=\"async\" src=\"https:\/\/upload.wikimedia.org\/wikipedia\/commons\/thumb\/6\/6b\/Alejandro_Lerroux_Garc%C3%ADa.jpg\/220px-Alejandro_Lerroux_Garc%C3%ADa.jpg\" srcset=\"\/\/upload.wikimedia.org\/wikipedia\/commons\/thumb\/6\/6b\/Alejandro_Lerroux_Garc%C3%ADa.jpg\/330px-Alejandro_Lerroux_Garc%C3%ADa.jpg 1.5x, \/\/upload.wikimedia.org\/wikipedia\/commons\/thumb\/6\/6b\/Alejandro_Lerroux_Garc%C3%ADa.jpg\/440px-Alejandro_Lerroux_Garc%C3%ADa.jpg 2x\" alt=\"Alejandro Lerroux Garc\u00eda.jpg\" width=\"220\" height=\"304\" data-file-width=\"2548\" data-file-height=\"3520\" \/><\/a><\/td>\n<\/tr>\n<\/tbody>\n<\/table>\n<p>&#8212;<\/p>\n<p>&nbsp;<\/p>\n<p><img decoding=\"async\" src=\"https:\/\/2.bp.blogspot.com\/-NLn0G5Fu-_Q\/XLGaMvNnrvI\/AAAAAAAAeZw\/0cvah-B5QuEZ64nYLhawsOAvga4_1OXXwCLcBGAs\/s1600\/constitucion-ii-republica.jpg\" width=\"600\" \/><\/p>\n<p>&#8212;<\/p>\n<p><img decoding=\"async\" src=\"https:\/\/imagenes.diario16.com\/wp-content\/uploads\/2019\/02\/Salvatierra-II-republica-12.jpg\" width=\"400\" \/><\/p>\n<p>&nbsp;<\/p>\n<p>&#8212;<\/p>\n<p><img decoding=\"async\" src=\"https:\/\/www.nuevatribuna.es\/media\/nuevatribuna\/images\/2020\/03\/23\/2020032317564561192.jpg\" alt=\"Las misiones pedag\u00f3gicas en la II Rep\u00fablica\" width=\"400\" \/><\/p>\n<p>Misiones Pedag\u00f3gicas<\/p>\n<p>&#8212;-<\/p>\n<p><img loading=\"lazy\" decoding=\"async\" src=\"https:\/\/aulavirtual.educa.jcyl.es\/iestrinidadarroyo\/pluginfile.php\/24599\/mod_book\/chapter\/1329\/escuela-2rep.jpg\" width=\"400\" height=\"253\" \/><\/p>\n<p>&#8212;-<\/p>\n<p><a class=\"image\" href=\"https:\/\/commons.wikimedia.org\/wiki\/File:Column_of_Guardias_Civiles_during_the_1934_Asturian_Revolution,_Bra%C3%B1osera.jpg\"><img loading=\"lazy\" decoding=\"async\" class=\"thumbimage\" src=\"https:\/\/upload.wikimedia.org\/wikipedia\/commons\/thumb\/c\/cd\/Column_of_Guardias_Civiles_during_the_1934_Asturian_Revolution%2C_Bra%C3%B1osera.jpg\/300px-Column_of_Guardias_Civiles_during_the_1934_Asturian_Revolution%2C_Bra%C3%B1osera.jpg\" srcset=\"\/\/upload.wikimedia.org\/wikipedia\/commons\/thumb\/c\/cd\/Column_of_Guardias_Civiles_during_the_1934_Asturian_Revolution%2C_Bra%C3%B1osera.jpg\/450px-Column_of_Guardias_Civiles_during_the_1934_Asturian_Revolution%2C_Bra%C3%B1osera.jpg 1.5x, \/\/upload.wikimedia.org\/wikipedia\/commons\/thumb\/c\/cd\/Column_of_Guardias_Civiles_during_the_1934_Asturian_Revolution%2C_Bra%C3%B1osera.jpg\/600px-Column_of_Guardias_Civiles_during_the_1934_Asturian_Revolution%2C_Bra%C3%B1osera.jpg 2x\" alt=\"\" width=\"300\" height=\"218\" data-file-width=\"3500\" data-file-height=\"2545\" \/><\/a><\/p>\n<div class=\"thumbcaption\">\n<div class=\"magnify\">\u00abUna de las im\u00e1genes ic\u00f3nicas de la Revoluci\u00f3n minera, que curiosamente no fue tomada en Asturias: una columna de Guardias Civiles con mineros capturados en Bra\u00f1osera (Palencia), el 8 de octubre de 1934\u00bb\u00a0(Wikipedia https:\/\/es.wikipedia.org\/wiki\/Revoluci%C3%B3n_de_Asturias_de_1934#\/media\/Archivo:Column_of_Guardias_Civiles_during_the_1934_Asturian_Revolution,_Bra%C3%B1osera.jpg)<\/div>\n<\/div>\n<p>&#8212;-<\/p>\n<p><img decoding=\"async\" src=\"https:\/\/static3.abc.es\/media\/espana\/2017\/06\/10\/gil_robles-U10108031595z2G--1190x800@abc.jpg\" width=\"400\" \/><\/p>\n<p>Jos\u00e9 Mar\u00eda Gil-Robles, lider de la CEDA, en un mitin.<\/p>\n<p>&#8212;<\/p>\n<p><img decoding=\"async\" src=\"https:\/\/1.bp.blogspot.com\/-CAc5clTgKCQ\/XatmgzS4uuI\/AAAAAAAAgmw\/fhASTGQ7AgUni8bagnWZJuA8EyFwCuyRwCLcBGAsYHQ\/s1600\/zz..00.JPG\" alt=\"Badajoz y la Guerra (in) Civil: \u00a1SON FASCISTAS!\" width=\"400\" \/><\/p>\n<p>&nbsp;<\/p>\n<h3>\u25ca Misiones pedag\u00f3gicas &#8211;\u00a0 V\u00eddeo 24&#8242;<\/h3>\n<p>Im\u00e1genes de la \u00e9poca + Entrevistas (en \u00e9poca actual) a personas que participaron.<\/p>\n<p>Parte 1 (7&#8242;)\u00a0 https:\/\/www.youtube.com\/watch?v=5rmWEc_Iqrg<\/p>\n<p>Parte 2\u00a0(7&#8242;) https:\/\/www.youtube.com\/watch?v=m9_zsButQzU<\/p>\n<p>Parte 3\u00a0(10&#8242;)\u00a0https:\/\/www.youtube.com\/watch?v=sMETTP6ISN0<\/p>\n<h3>\u25ca Constituci\u00f3n de 1931: texto completo.<\/h3>\n<blockquote><p><a href=\"https:\/\/boe.es\/datos\/pdfs\/BOE\/\/1931\/343\/D00001-00014.pdf\" target=\"_blank\" rel=\"noopener\">https:\/\/boe.es\/datos\/pdfs\/BOE\/\/1931\/343\/D00001-00014.pdf<\/a><\/p><\/blockquote>\n<p>&nbsp;<\/p>\n<h3>\u25ca Textos hist\u00f3ricos + comentarios<\/h3>\n<p>Varios textos,\u00a0y sus comentarios, en\u00a0<a href=\"https:\/\/www.murciaeduca.es\/iessaavedrafajardo\/sitio\/index.cgi?wid_item=126&amp;wid_seccion=12\" target=\"_blank\" rel=\"noopener\">https:\/\/www.murciaeduca.es\/iessaavedrafajardo\/sitio\/index.cgi?wid_item=126&amp;wid_seccion=12<\/a><\/p>\n<p>&nbsp;<\/p>\n<h3>\u25ca V\u00eddeo: La Segunda Rep\u00fablica (1931-1936\/39) &#8211;\u00a0 \u00abMemoria de Espa\u00f1a\u00bb (25&#8242;)<\/h3>\n<p>(Marcos \u00c1lvarez, con fragmentos de la serie documental \u00abMemoria de Espa\u00f1a\u00bb, de RTVE)<\/p>\n<p><iframe loading=\"lazy\" title=\"TEMA 10 - La Segunda Rep\u00fablica (1931-1936\/39)\" width=\"474\" height=\"356\" src=\"https:\/\/www.youtube.com\/embed\/dvp4wHQsoKw?feature=oembed\" frameborder=\"0\" allow=\"accelerometer; autoplay; clipboard-write; encrypted-media; gyroscope; picture-in-picture; web-share\" referrerpolicy=\"strict-origin-when-cross-origin\" allowfullscreen><\/iframe><\/p>\n<p>1.- El sistema de partidos y la Constituci\u00f3n de 1931. (00:00\u200b &#8211; 06:34\u200b)<br \/>\n2.- Las reformas del bienio republicano-socialista. (06:34\u200b &#8211; 12:49\u200b)<br \/>\n3.- El bienio de centro-derecha. (12:49\u200b &#8211; 19:56\u200b)<br \/>\n4.- Las elecciones de 1936 y el triunfo del Frente Popular. (19:56\u200b &#8211; 25:08)<\/p>\n<p>&nbsp;<\/p>\n<h3>\u25ca La oposici\u00f3n de la oligarqu\u00eda al intento transformador de la II Rep\u00fablica\u00a0 &#8211; Art\u00edculo de prensa<\/h3>\n<p class=\"title\"><a href=\"https:\/\/aulavirtual.educa.jcyl.es\/iestrinidadarroyo\/%C2%BFPor%20qu%C3%A9%20fracas%C3%B3%20la%20II%20Rep%C3%BAblica?%20Las%20razones%20de%20la%20transformaci%C3%B3n%20inacabada%20de%20Espa%C3%B1a\" target=\"_blank\" rel=\"noopener\">\u00bfPor qu\u00e9 fracas\u00f3 la II Rep\u00fablica? Las razones de la transformaci\u00f3n inacabada de Espa\u00f1a<\/a><\/p>\n<div>\u00abLos historiadores Paul Preston, Pura S\u00e1nchez y \u00c1ngel Vi\u00f1as analizan para elDiario.es c\u00f3mo el periodo republicano quiso cambiar el pa\u00eds y c\u00f3mo las oligarqu\u00edas patrias destrozaron el proyecto.\u00bb<\/div>\n<div>\n<div>Juan Miguel Baquero &#8211;\u00a0www.eldiario.es &#8211; 10 abril 2021<\/div>\n<div><\/div>\n<\/div>\n<div>\u00abLa Rep\u00fablica fue no tanto un proyecto fracasado cuanto un proyecto interrumpido de forma violenta en 1936 por un golpe de Estado\u00bb, defiende Pura S\u00e1nchez.<\/div>\n<div><\/div>\n<div id=\"yui_3_17_2_1_1679941093947_32\">\n<table id=\"LPContainer702958\" role=\"presentation\">\n<tbody id=\"yui_3_17_2_1_1679941093947_31\">\n<tr id=\"yui_3_17_2_1_1679941093947_30\" valign=\"top\">\n<td>\n<div id=\"LPImageContainer702958\"><a id=\"LPImageAnchor702958\" href=\"https:\/\/www.eldiario.es\/sociedad\/fracaso-ii-republica-razones-transformacion-inacabada-espana_1_7390010.html\" target=\"_blank\" rel=\"noopener\"><img loading=\"lazy\" decoding=\"async\" id=\"LPThumbnailImageId702958\" src=\"https:\/\/static.eldiario.es\/clip\/8cfecb7c-3ffd-4bad-80af-1feadeb40ec5_facebook-watermarked-aspect-ratio_default_0.jpg\" alt=\"\" width=\"240\" height=\"125\" \/><\/a><\/div>\n<\/td>\n<td id=\"yui_3_17_2_1_1679941093947_29\">\n<div id=\"LPTitle702958\">\u00abEspa\u00f1a, en los a\u00f1os 30 del siglo pasado, mantiene una estructura casi medieval: en los pueblos mandan el cacique, el alcalde y el cura. Y el proceso de transformaci\u00f3n de la II Rep\u00fablica busca un cambio radical que coloque al pa\u00eds como una de las democracias m\u00e1s avanzadas del momento. Una odisea, sobre el papel, que sin embargo empieza a tomar forma desde el 14 de abril de 1931.\u00bb<\/div>\n<\/td>\n<\/tr>\n<\/tbody>\n<\/table>\n<\/div>\n<\/div>\n","protected":false},"excerpt":{"rendered":"<p>Ir a P\u00e1gina madre \u25ca Fotograf\u00eda y otras im\u00e1genes Proclamaci\u00f3n de la Segunda Rep\u00fablica espa\u00f1ola en la Puerta del Sol, Madrid. Alfonso S\u00e1nchez Portela \/ Museo Reina Sof\u00eda &#8212; Niceto Alcal\u00e1-Zamora &#8212; Las Cortes Constituyentes de 1931 (esca\u00f1os por partido). &#8212; Manuel Aza\u00f1a (1933) &#8212; Alejandro Lerroux &#8212; &nbsp; &#8212; &nbsp; &#8212; Misiones Pedag\u00f3gicas &#8212;- &hellip; <a href=\"https:\/\/trinidadarroyo.org\/aprende\/?page_id=590\" class=\"more-link\">Seguir leyendo <span class=\"screen-reader-text\">H\u00aa de Espa\u00f1a, 10.1: 1931-1936&#8230; La Segunda Rep\u00fablica.<\/span> <span class=\"meta-nav\">&rarr;<\/span><\/a><\/p>\n","protected":false},"author":1,"featured_media":593,"parent":458,"menu_order":0,"comment_status":"closed","ping_status":"closed","template":"","meta":{"footnotes":""},"class_list":["post-590","page","type-page","status-publish","has-post-thumbnail","hentry"],"_links":{"self":[{"href":"https:\/\/trinidadarroyo.org\/aprende\/index.php?rest_route=\/wp\/v2\/pages\/590","targetHints":{"allow":["GET"]}}],"collection":[{"href":"https:\/\/trinidadarroyo.org\/aprende\/index.php?rest_route=\/wp\/v2\/pages"}],"about":[{"href":"https:\/\/trinidadarroyo.org\/aprende\/index.php?rest_route=\/wp\/v2\/types\/page"}],"author":[{"embeddable":true,"href":"https:\/\/trinidadarroyo.org\/aprende\/index.php?rest_route=\/wp\/v2\/users\/1"}],"replies":[{"embeddable":true,"href":"https:\/\/trinidadarroyo.org\/aprende\/index.php?rest_route=%2Fwp%2Fv2%2Fcomments&post=590"}],"version-history":[{"count":10,"href":"https:\/\/trinidadarroyo.org\/aprende\/index.php?rest_route=\/wp\/v2\/pages\/590\/revisions"}],"predecessor-version":[{"id":713,"href":"https:\/\/trinidadarroyo.org\/aprende\/index.php?rest_route=\/wp\/v2\/pages\/590\/revisions\/713"}],"up":[{"embeddable":true,"href":"https:\/\/trinidadarroyo.org\/aprende\/index.php?rest_route=\/wp\/v2\/pages\/458"}],"wp:featuredmedia":[{"embeddable":true,"href":"https:\/\/trinidadarroyo.org\/aprende\/index.php?rest_route=\/wp\/v2\/media\/593"}],"wp:attachment":[{"href":"https:\/\/trinidadarroyo.org\/aprende\/index.php?rest_route=%2Fwp%2Fv2%2Fmedia&parent=590"}],"curies":[{"name":"wp","href":"https:\/\/api.w.org\/{rel}","templated":true}]}}