{"id":604,"date":"2023-04-10T21:00:18","date_gmt":"2023-04-10T19:00:18","guid":{"rendered":"https:\/\/trinidadarroyo.org\/aprende\/?page_id=604"},"modified":"2023-04-26T20:09:03","modified_gmt":"2023-04-26T18:09:03","slug":"ha-de-espana-10-2-1936-1939-la-guerra-civil","status":"publish","type":"page","link":"https:\/\/trinidadarroyo.org\/aprende\/?page_id=604","title":{"rendered":"H\u00aa de Espa\u00f1a, 10.2: 1936-1939. La Guerra Civil"},"content":{"rendered":"<div class=\"no-overflow\">\n<hr \/>\n<p>Ir a <a href=\"https:\/\/trinidadarroyo.org\/aprende\/?page_id=458\">P\u00e1gina madre<\/a><\/p>\n<hr \/>\n<h3>\u25ca Varias fotograf\u00edas y carteles<\/h3>\n<picture class=\"news-image\"><img decoding=\"async\" src=\"https:\/\/static.eldiario.es\/clip\/a1453d34-8506-4e84-961e-17108fe13cc6_16-9-discover-aspect-ratio_default_0.jpg\" alt=\"Una de las im\u00e1genes que forman parte del Museo Virtual de la Mujer Combatiente\" width=\"400\" \/><\/picture>\n<p><span class=\"title\">Una de las im\u00e1genes que forman parte del Museo Virtual de la Mujer Combatiente <span class=\"author\">Centro Documental de la Memoria Hist\u00f3rica<\/span><\/span><\/p>\n<p>&#8212;<\/p>\n<p><img decoding=\"async\" src=\"http:\/\/2.bp.blogspot.com\/-TV3dRtPTQiM\/Ufa_hUHhW3I\/AAAAAAAABn8\/10_usyJ0UOA\/s1600\/franco-iglesia-1.jpg\" width=\"400\" \/><\/p>\n<p>General Franco, centre, attends the second anniversary of the death of Primo de Rivera, founder of the Falangists, in Burgos, Spain, 1938. Photograph: AP<\/p>\n<p>&#8212;<\/p>\n<p><img decoding=\"async\" src=\"https:\/\/upload.wikimedia.org\/wikipedia\/commons\/c\/ca\/Bundesarchiv_Bild_183-H25224%2C_Guernica%2C_Ruinen.jpg?20170615074949\" alt=\"File:Bundesarchiv Bild 183-H25224, Guernica, Ruinen.jpg\" width=\"400\" \/><\/p>\n<div class=\"thumbcaption\">\n<div class=\"magnify\"><\/div>\n<p><a title=\"Bombardeo de Guernica\" href=\"https:\/\/es.wikipedia.org\/wiki\/Bombardeo_de_Guernica\">Bombardeo de Guernica<\/a>, el\u00a0<a title=\"26 de abril\" href=\"https:\/\/es.wikipedia.org\/wiki\/26_de_abril\">26 de abril<\/a>\u00a0de\u00a0<a title=\"1937\" href=\"https:\/\/es.wikipedia.org\/wiki\/1937\">1937<\/a><\/p>\n<\/div>\n<p>&#8212;<\/p>\n<p><img decoding=\"async\" src=\"https:\/\/s1.eestatic.com\/2019\/03\/30\/cultura\/historia\/guerra_civil_espanola-segunda_republica_espanola-francisco_franco_387223066_119171742_1024x576.jpg\" alt=\"Teruel, frente de Arag\u00f3n, 3 enero 1938.\" width=\"400\" \/><\/p>\n<div class=\"article-media__caption\">\n<p><span class=\"article-media__caption-description\">Teruel, frente de Arag\u00f3n, 3 enero 1938.<\/span>\u00a0<span class=\"article-media__caption-author\">Robert Capa<\/span>\u00a0<span class=\"article-media__caption-provider\">Museo Reina Sof\u00eda<\/span><\/p>\n<p><span class=\"article-media__caption-provider\">\u00a0&#8212;<\/span><\/p>\n<p><span class=\"article-media__caption-provider\">Alrededores de la Plaza Mayor &#8211; Madrid.<\/span><\/p>\n<p><span class=\"article-media__caption-provider\"><img decoding=\"async\" src=\"https:\/\/www.publico.es\/files\/article_main\/uploads\/2017\/12\/28\/5a4538b27f0cd.jpg\" alt=\"Instant\u00e1nea tomada en uno de los accesos a la Plaza Mayor de Madrid durante la Guerra Civil\" width=\"500\" \/><\/span><\/p>\n<p><span class=\"article-media__caption-provider\">&#8212;<\/span><\/p>\n<p><span class=\"article-media__caption-provider\"><span class=\"a_m_w _db\"><img loading=\"lazy\" decoding=\"async\" class=\"_re a_m-h\" src=\"https:\/\/imagenes.elpais.com\/resizer\/AHpBYwXTvTNQx99v-NvAj5JMc6U=\/414x0\/arc-anglerfish-eu-central-1-prod-prisa.s3.amazonaws.com\/public\/T74ANXLCMYMBKPNE6A4RKY72B4.jpg\" srcset=\"https:\/\/imagenes.elpais.com\/resizer\/AHpBYwXTvTNQx99v-NvAj5JMc6U=\/414x0\/arc-anglerfish-eu-central-1-prod-prisa.s3.amazonaws.com\/public\/T74ANXLCMYMBKPNE6A4RKY72B4.jpg 414w,https:\/\/imagenes.elpais.com\/resizer\/MAywauWVdd6UiH-sKUQc4TF0-8E=\/828x0\/arc-anglerfish-eu-central-1-prod-prisa.s3.amazonaws.com\/public\/T74ANXLCMYMBKPNE6A4RKY72B4.jpg 640w,https:\/\/imagenes.elpais.com\/resizer\/5sbGN_xPA9xDfOsnW7w51fjN-uY=\/980x0\/arc-anglerfish-eu-central-1-prod-prisa.s3.amazonaws.com\/public\/T74ANXLCMYMBKPNE6A4RKY72B4.jpg 1000w,https:\/\/imagenes.elpais.com\/resizer\/YDCbjFv0_G6t_ExRe54qhMu2dVI=\/1960x0\/arc-anglerfish-eu-central-1-prod-prisa.s3.amazonaws.com\/public\/T74ANXLCMYMBKPNE6A4RKY72B4.jpg 1960w\" alt=\"Varios civiles huyen hacia Almer&amp;iacute;a en febrero de 1937 durante la guerra civil.\" width=\"414\" height=\"335\" \/><\/span><\/span><\/p>\n<p>Varios civiles huyen hacia Almer&amp;iacute;a en febrero de 1937 durante la guerra civil.&#8212;<\/p>\n<\/div>\n<div class=\"article-media__caption\"><img decoding=\"async\" src=\"https:\/\/static.wixstatic.com\/media\/5db139_8dd592320a9c462b9dda301f3181f05e.jpg\/v1\/fill\/w_795,h_1150,al_c,q_90\/5db139_8dd592320a9c462b9dda301f3181f05e.jpg\" alt=\"Carteles de la Guerra Civil Espa\u00f1ola: Arriba Espa\u00f1a (10\/110)\" width=\"280\" \/><\/div>\n<p>&#8212;<\/p>\n<p><img decoding=\"async\" src=\"https:\/\/puertodeculturas.cartagena.es\/gestion\/images\/0\/123650.jpg\" width=\"300\" \/><\/p>\n<p>&#8212;<\/p>\n<p><img decoding=\"async\" src=\"https:\/\/cdn.oldskull.net\/wp-content\/uploads\/2019\/07\/luchad-republicano.jpg\" width=\"300\" \/><\/p>\n<p>&nbsp;<\/p>\n<h3>\u25ca Textos hist\u00f3ricos + comentarios<\/h3>\n<p><a href=\"https:\/\/www.murciaeduca.es\/iessaavedrafajardo\/sitio\/index.cgi?wid_item=126&amp;wid_seccion=12\" target=\"_blank\" rel=\"noopener\">https:\/\/www.murciaeduca.es\/iessaavedrafajardo\/sitio\/index.cgi?wid_item=126&amp;wid_seccion=12<\/a><\/p>\n<p>&nbsp;<\/p>\n<h3>\u25ca \u00abLa Guerra Civil (1936-1939)\u00bb V\u00eddeo (13&#8242;)<\/h3>\n<p>Serie \u00abMemoria de Espa\u00f1a\u00bb, Cap\u00edtulo 24 &#8211; (<strong>Desde el minuto 43 y 30 segundos hasta el final)<\/strong><\/p>\n<p>NOTA: Es criticable la presentaci\u00f3n de la represi\u00f3n en los dos bandos como parecida: no fue as\u00ed, dado que en el bando republicano la represi\u00f3n se produjo en los primeros meses y de forma descontrolada; cuando el gobierno recuper\u00f3 el control, dej\u00f3 de producirse; en el bando franquista la represi\u00f3n fue mucho mayor y se produjo durante toda la guerra (y despu\u00e9s de terminada) y fue planificada, deseada y justificada por los mandos, con Franco al frente. (En los minutos anteriores, dedicados a los meses previos al golpe de estado, la violencia aparece como ejercida por \u00abtodos\u00bb: es la Falange la que ha optado expl\u00edcitamente por la violencia fascista, incluyendo asesinatos, aunque haya tambi\u00e9n otros actos de violencia).<\/p>\n<p><img loading=\"lazy\" decoding=\"async\" class=\"alignnone wp-image-613 size-full\" src=\"https:\/\/trinidadarroyo.org\/wp1\/wp-content\/uploads\/2023\/04\/video-mem-esp-GC.jpg\" alt=\"\" width=\"500\" height=\"268\" srcset=\"https:\/\/trinidadarroyo.org\/wp1\/wp-content\/uploads\/2023\/04\/video-mem-esp-GC.jpg 500w, https:\/\/trinidadarroyo.org\/wp1\/wp-content\/uploads\/2023\/04\/video-mem-esp-GC-400x214.jpg 400w\" sizes=\"auto, (max-width: 500px) 100vw, 500px\" \/><\/p>\n<p>&nbsp;<\/p>\n<p><a href=\"https:\/\/www.rtve.es\/alacarta\/videos\/memoria-de-espana\/memoria-espana-espana-espana\/3298145\/\" target=\"_blank\" rel=\"noopener\">https:\/\/www.rtve.es\/alacarta\/videos\/memoria-de-espana\/memoria-espana-espana-espana\/3298145\/<\/a><\/p>\n<p>&nbsp;<\/p>\n<h3>\u25ca Mapas: evoluci\u00f3n territorial<\/h3>\n<p><img loading=\"lazy\" decoding=\"async\" class=\"alignnone wp-image-612 size-full\" src=\"https:\/\/trinidadarroyo.org\/wp1\/wp-content\/uploads\/2023\/04\/mapa-guerra-civil.jpg\" alt=\"\" width=\"554\" height=\"830\" srcset=\"https:\/\/trinidadarroyo.org\/wp1\/wp-content\/uploads\/2023\/04\/mapa-guerra-civil.jpg 554w, https:\/\/trinidadarroyo.org\/wp1\/wp-content\/uploads\/2023\/04\/mapa-guerra-civil-267x400.jpg 267w\" sizes=\"auto, (max-width: 554px) 100vw, 554px\" \/><\/p>\n<hr \/>\n<p>(Inicio)<\/p>\n<p><img loading=\"lazy\" decoding=\"async\" class=\"alignnone wp-image-617 size-full\" src=\"https:\/\/trinidadarroyo.org\/wp1\/wp-content\/uploads\/2023\/04\/Guerra-civil-inicio-AB.jpg\" alt=\"\" width=\"1000\" height=\"651\" srcset=\"https:\/\/trinidadarroyo.org\/wp1\/wp-content\/uploads\/2023\/04\/Guerra-civil-inicio-AB.jpg 1000w, https:\/\/trinidadarroyo.org\/wp1\/wp-content\/uploads\/2023\/04\/Guerra-civil-inicio-AB-400x260.jpg 400w, https:\/\/trinidadarroyo.org\/wp1\/wp-content\/uploads\/2023\/04\/Guerra-civil-inicio-AB-768x500.jpg 768w\" sizes=\"auto, (max-width: 1000px) 100vw, 1000px\" \/><\/p>\n<p><a href=\"https:\/\/blogsaverroes.juntadeandalucia.es\/oscarprofesociales\/files\/2016\/05\/Guerra-civil-inicio-AB.jpg\">https:\/\/blogsaverroes.juntadeandalucia.es\/oscarprofesociales\/files\/2016\/05\/Guerra-civil-inicio-AB.jpg<\/a><\/p>\n<p>________________________________________________________________<\/p>\n<p><a href=\"https:\/\/es.m.wikipedia.org\/wiki\/Archivo:Guerra_Civil_Espa%C3%B1ola.svg\" target=\"_blank\" rel=\"noopener\"><img loading=\"lazy\" decoding=\"async\" class=\"alignnone wp-image-611 size-full\" src=\"https:\/\/trinidadarroyo.org\/wp1\/wp-content\/uploads\/2023\/04\/556px-General_map_of_the_Spanish_Civil_War_-1.png\" alt=\"\" width=\"556\" height=\"480\" srcset=\"https:\/\/trinidadarroyo.org\/wp1\/wp-content\/uploads\/2023\/04\/556px-General_map_of_the_Spanish_Civil_War_-1.png 556w, https:\/\/trinidadarroyo.org\/wp1\/wp-content\/uploads\/2023\/04\/556px-General_map_of_the_Spanish_Civil_War_-1-400x345.png 400w\" sizes=\"auto, (max-width: 556px) 100vw, 556px\" \/><\/a><\/p>\n<p><a href=\"https:\/\/es.m.wikipedia.org\/wiki\/Archivo:Guerra_Civil_Espa%C3%B1ola.svg\" target=\"_blank\" rel=\"noopener\">https:\/\/es.m.wikipedia.org\/wiki\/Archivo:Guerra_Civil_Espa%C3%B1ola.svg<\/a><\/p>\n<p>(Clicar en la imagen o en el enlace para mayor definici\u00f3n, y ver la leyenda y la fuente)<\/p>\n<h3>\u25ca Bombardeo de Gernika (Guernica)- V\u00eddeo 8&#8242;<\/h3>\n<p>(Con testimonios)<\/p>\n<p><iframe loading=\"lazy\" title=\"Bombardeo de Gernika\" width=\"474\" height=\"356\" src=\"https:\/\/www.youtube.com\/embed\/k-28ry7ajmY?feature=oembed\" frameborder=\"0\" allow=\"accelerometer; autoplay; clipboard-write; encrypted-media; gyroscope; picture-in-picture; web-share\" referrerpolicy=\"strict-origin-when-cross-origin\" allowfullscreen><\/iframe><\/p>\n<p>&nbsp;<\/p>\n<h3>\u25ca Mapa de fosas de la Guerra Civil (represaliados republicanos)<\/h3>\n<p><img decoding=\"async\" src=\"https:\/\/upload.wikimedia.org\/wikipedia\/commons\/3\/37\/Mapadefosas-mjusticia-es.jpg\" width=\"500\" \/><\/p>\n<p><a href=\"https:\/\/commons.wikimedia.org\/wiki\/File:Mapadefosas-mjusticia-es.jpg\" target=\"_blank\" rel=\"noopener\">https:\/\/commons.wikimedia.org\/wiki\/File:Mapadefosas-mjusticia-es.jpg<\/a><\/p>\n<h3>\u25ca Las falsas ideas sobre la Guerra Civil (profranquistas y\/o \u00abcomprensivas\u00bb con el franquismo)\u00a0&#8211; Art\u00edculo de opini\u00f3n de Juan Miguel Baquero<\/h3>\n<p>&nbsp;<\/p>\n<p>www.eldiario.es &#8211; 29 de agosto de 2020<\/p>\n<table id=\"LPContainer640765\" role=\"presentation\">\n<tbody>\n<tr valign=\"top\">\n<td>\n<div id=\"LPImageContainer640765\"><a id=\"LPImageAnchor640765\" href=\"https:\/\/www.eldiario.es\/sociedad\/fake-news-franquismo-sociologico-todavia-atentan-memoria-historica_1_6186147.html\" target=\"_blank\" rel=\"noopener\"><img loading=\"lazy\" decoding=\"async\" id=\"LPThumbnailImageId640765\" src=\"https:\/\/static.eldiario.es\/clip\/6456c4fe-2dc4-435a-ba1d-9ad78401e1a1_facebook-watermarked-aspect-ratio_default_0.jpg\" alt=\"\" width=\"240\" height=\"125\" \/><\/a><\/div>\n<\/td>\n<td>\n<div>\u00abQue \u00abtodos mataron igual\u00bb y \u00abfue una guerra entre hermanos\u00bb. Que las fosas comunes son un invento. O que las v\u00edctimas buscan \u00absubvenciones\u00bb. El franquismo sociol\u00f3gico lleva a\u00f1os \u2013mucho antes de que incorpor\u00e1ramos el concepto\u2013 alimentando<em>\u00a0fake news\u00a0<\/em>para construir la Memoria de los vencedores. Un discurso que mantiene a la sociedad espa\u00f1ola navegando, no pocas veces, entre la desmemoria y la equidistancia ante el golpe de Estado, la Guerra Civil y la dictadura de Francisco Franco.<\/div>\n<div>El negacionismo (&#8230;) ha inundado el discurso p\u00fablico de lugares comunes repetidos como verdades que atentan contra la denominada Memoria Hist\u00f3rica y\u00a0desprecian el cumplimiento de los m\u00e1s elementales Derechos Humanos. Aqu\u00ed algunos ejemplos.\u00bb<\/div>\n<div>re<\/div>\n<\/td>\n<\/tr>\n<\/tbody>\n<\/table>\n<p>&nbsp;<\/p>\n<h3>\u25ca Noticia: restos de fusilados\/as por el franquismo en Medina del Campo (Valladolid)<\/h3>\n<table>\n<tbody>\n<tr>\n<td><a href=\"https:\/\/www.eldiario.es\/castilla-y-leon\/encuentran-restos-primeros-siete-fusilados-medina-campo-haber-15-30-50-personas_1_7806069.html\" target=\"_blank\" rel=\"noopener\"><img loading=\"lazy\" decoding=\"async\" src=\"https:\/\/static.eldiario.es\/clip\/f48e6564-bb5b-475f-96b9-b7a1554e503c_facebook-watermarked-aspect-ratio_default_0.jpg\" alt=\"\" width=\"240\" height=\"125\" \/><\/a><\/td>\n<td>\n<div><a href=\"https:\/\/www.eldiario.es\/castilla-y-leon\/encuentran-restos-primeros-siete-fusilados-medina-campo-haber-15-30-50-personas_1_7806069.html\" target=\"_blank\" rel=\"noopener\">Encuentran los primeros restos de fusilados en un pozo de Valladolid: \u00abA mis t\u00edas, que eran modistas, las mataron por coser la bandera republicana\u00bb<\/a><\/div>\n<div><\/div>\n<div>La excavaci\u00f3n en Medina del Campo, una de las m\u00e1s importantes de la ARMH de Valladolid de los \u00faltimos a\u00f1os, se prolongar\u00e1 durante los pr\u00f3ximos dos meses y cuenta con una subvenci\u00f3n de 39.000 euros de la Junta de Castilla y Le\u00f3n<\/div>\n<div><\/div>\n<div>www.eldiario.es &#8211; 14 abril 2021<\/div>\n<p>&nbsp;<\/td>\n<\/tr>\n<\/tbody>\n<\/table>\n<div>\n<h3>\u25ca Buscador &#8211; Mapa oficial &#8211; Estado de las fosas con v\u00edctimas del franquismo (Guerra Civil)<\/h3>\n<p><a href=\"https:\/\/www.mpr.gob.es\/memoriademocratica\/mapa-de-fosas\/Paginas\/buscadormapafosas.aspx\" target=\"_blank\" rel=\"noopener\">https:\/\/www.mpr.gob.es\/memoriademocratica\/mapa-de-fosas\/Paginas\/buscadormapafosas.aspx<br \/>\n<\/a>[+ Info:\u00a0<a id=\"LPlnk\" href=\"https:\/\/www.mpr.gob.es\/memoriademocratica\/mapa-de-fosas\/Paginas\/index.aspx\">https:\/\/www.mpr.gob.es\/memoriademocratica\/mapa-de-fosas\/Paginas\/index.aspx<\/a>\u00a0]<\/p>\n<p>[Actualizado hasta 2011, como efecto de la Ley de Memoria Hist\u00f3rica de 2007]\u00a0www.mpr.gob.es<\/p>\n<\/div>\n<div>Resumen y comentario de Juan Miguel Baquero:<br \/>\n\u00abEl Mapa de Fosas estatal registra m\u00e1s de 120.000 v\u00edctimas enterradas en 2.591 tumbas ilegales. La cartograf\u00eda del terror est\u00e1 sin actualizar desde el a\u00f1o 2011. Andaluc\u00eda, Arag\u00f3n y Asturias son las comunidades con mayor n\u00famero de fosas identificadas. Desde el a\u00f1o 2000 se han abierto en todo el pa\u00eds m\u00e1s de 740 fosas y recuperado alrededor de 9.000 esqueletos. Un estudio calcula que solo se podr\u00e1 recuperar una cuarta parte de los desaparecidos e identificar a unas 7.000 personas, seg\u00fan un informe encargado por el Gobierno de Espa\u00f1a y al que ha tenido acceso eldiario.es.\u00bb\u00a0(en\u00a0<a href=\"https:\/\/www.eldiario.es\/sociedad\/fake-news-franquismo-sociologico-todavia-atentan-memoria-historica_1_6186147.html\" target=\"_blank\" rel=\"noopener\">Las &#8216;fake news&#8217; del franquismo sociol\u00f3gico que (todav\u00eda) atentan contra la Memoria Hist\u00f3rica<\/a>).<\/div>\n<\/div>\n","protected":false},"excerpt":{"rendered":"<p>Ir a P\u00e1gina madre \u25ca Varias fotograf\u00edas y carteles Una de las im\u00e1genes que forman parte del Museo Virtual de la Mujer Combatiente Centro Documental de la Memoria Hist\u00f3rica &#8212; General Franco, centre, attends the second anniversary of the death of Primo de Rivera, founder of the Falangists, in Burgos, Spain, 1938. Photograph: AP &#8212; &hellip; <a href=\"https:\/\/trinidadarroyo.org\/aprende\/?page_id=604\" class=\"more-link\">Seguir leyendo <span class=\"screen-reader-text\">H\u00aa de Espa\u00f1a, 10.2: 1936-1939. La Guerra Civil<\/span> <span class=\"meta-nav\">&rarr;<\/span><\/a><\/p>\n","protected":false},"author":1,"featured_media":611,"parent":458,"menu_order":0,"comment_status":"closed","ping_status":"closed","template":"","meta":{"footnotes":""},"class_list":["post-604","page","type-page","status-publish","has-post-thumbnail","hentry"],"_links":{"self":[{"href":"https:\/\/trinidadarroyo.org\/aprende\/index.php?rest_route=\/wp\/v2\/pages\/604","targetHints":{"allow":["GET"]}}],"collection":[{"href":"https:\/\/trinidadarroyo.org\/aprende\/index.php?rest_route=\/wp\/v2\/pages"}],"about":[{"href":"https:\/\/trinidadarroyo.org\/aprende\/index.php?rest_route=\/wp\/v2\/types\/page"}],"author":[{"embeddable":true,"href":"https:\/\/trinidadarroyo.org\/aprende\/index.php?rest_route=\/wp\/v2\/users\/1"}],"replies":[{"embeddable":true,"href":"https:\/\/trinidadarroyo.org\/aprende\/index.php?rest_route=%2Fwp%2Fv2%2Fcomments&post=604"}],"version-history":[{"count":13,"href":"https:\/\/trinidadarroyo.org\/aprende\/index.php?rest_route=\/wp\/v2\/pages\/604\/revisions"}],"predecessor-version":[{"id":714,"href":"https:\/\/trinidadarroyo.org\/aprende\/index.php?rest_route=\/wp\/v2\/pages\/604\/revisions\/714"}],"up":[{"embeddable":true,"href":"https:\/\/trinidadarroyo.org\/aprende\/index.php?rest_route=\/wp\/v2\/pages\/458"}],"wp:featuredmedia":[{"embeddable":true,"href":"https:\/\/trinidadarroyo.org\/aprende\/index.php?rest_route=\/wp\/v2\/media\/611"}],"wp:attachment":[{"href":"https:\/\/trinidadarroyo.org\/aprende\/index.php?rest_route=%2Fwp%2Fv2%2Fmedia&parent=604"}],"curies":[{"name":"wp","href":"https:\/\/api.w.org\/{rel}","templated":true}]}}