{"id":736,"date":"2023-05-12T17:23:55","date_gmt":"2023-05-12T15:23:55","guid":{"rendered":"https:\/\/trinidadarroyo.org\/aprende\/?page_id=736"},"modified":"2023-05-12T17:43:12","modified_gmt":"2023-05-12T15:43:12","slug":"ha-de-espana-12-transicion-y-democracia","status":"publish","type":"page","link":"https:\/\/trinidadarroyo.org\/aprende\/?page_id=736","title":{"rendered":"H\u00aa de Espa\u00f1a, 12: Transici\u00f3n y democracia"},"content":{"rendered":"<h3>\u25ca Fotograf\u00edas varias<\/h3>\n<p><img decoding=\"async\" src=\"https:\/\/www.elplural.com\/uploads\/s1\/22\/10\/3\/juancarlos-jurando-cargo.jpeg\" alt=\"Sard\u00e1 a Marhuenda: \u201cTodav\u00eda estar\u00edamos en dictadura si en aquel momento todos hicieran como t\u00fa\u201d\" width=\"400\" \/><\/p>\n<p>22 de noviembre de 1975: \u00abJuro por Dios y sobre los santos evangelios, cumplir y hacer cumplir las leyes fundamentales del reino y guardar lealtad a los principios que informan el Movimiento Nacional'\u00bb. Toma de posesi\u00f3n de Juan Carlos I como sucesor de Franco, a t\u00edtulo de rey.<\/p>\n<p>&#8212;<\/p>\n<div class=\"thumb\"><picture><img decoding=\"async\" title=\"El 5 de julio de 1976 Su\u00e1rez jur\u00f3 como presidente del Gobierno en la Zarzuela.\" src=\"https:\/\/estaticos-cdn.elperiodico.com\/clip\/ad6c19f0-8b1a-45ab-ad4f-3e5d7e5d0c6d_alta-libre-aspect-ratio_default_0.jpg\" alt=\"El 5 de julio de 1976 Su\u00e1rez jur\u00f3 como presidente del Gobierno en la Zarzuela.\" width=\"400\" data-was-processed=\"true\" \/><\/picture><\/div>\n<div class=\"txt\">\n<p class=\"subtitle\">5 de julio de 1976: Su\u00e1rez jura como presidente del Gobierno en la Zarzuela bajo la presencia de Juan Carlos I y Torcuato Fern\u00e1ndez-Miranda<\/p>\n<p>&#8212;<\/p>\n<\/div>\n<p><a class=\"image\" href=\"https:\/\/commons.wikimedia.org\/wiki\/File:Adolfo_Su%C3%A1rez_1980_(cropped).jpg\"><img loading=\"lazy\" decoding=\"async\" class=\"thumbimage\" src=\"https:\/\/upload.wikimedia.org\/wikipedia\/commons\/4\/45\/Adolfo_Su%C3%A1rez_1980_%28cropped%29.jpg\" alt=\"\" width=\"130\" height=\"194\" data-file-width=\"130\" data-file-height=\"194\" \/><\/a><\/p>\n<p>Adolfo Su\u00e1rez en 1980.<\/p>\n<p>&#8212;-<\/p>\n<div class=\"voc-horizontal voc-img-icon-link\"><img decoding=\"async\" src=\"https:\/\/static3.elnortedecastilla.es\/www\/multimedia\/202110\/26\/media\/cortadas\/suarez2-klhF-U150839174800YgH-624x385@El%20Norte.jpg\" alt=\"Adolfo Su\u00e1rez y Felipe Gonz\u00e1lez se saludan en La Moncloa en 1977.\" width=\"400\" data-original=\"\/\/static3.elnortedecastilla.es\/www\/multimedia\/202110\/26\/media\/cortadas\/suarez2-klhF-U150839174800YgH-624x385@El%20Norte.jpg\" \/><\/div>\n<div><\/div>\n<p class=\"figure-caption \">Adolfo Su\u00e1rez y Felipe Gonz\u00e1lez en La Moncloa en 1977.<\/p>\n<p>&#8212;<\/p>\n<p><img decoding=\"async\" src=\"https:\/\/static2.abc.es\/media\/espana\/2017\/04\/09\/suarezcarrillo-k5sE--620x349@abc.jpg\" alt=\"Santiago Carrillo, Adolfo Su\u00e1rez y Felipe Gonz\u00e1lez, en un acto en febrero de 1978\" width=\"400\" \/><\/p>\n<p>Santiago Carrillo, Adolfo Su\u00e1rez y Felipe Gonz\u00e1lez. Febrero de 1978 &#8211;\u00a0<span class=\"firma\">EFE<\/span><\/p>\n<p>&#8212;-<\/p>\n<p><img decoding=\"async\" src=\"https:\/\/cope-cdnmed.agilecontent.com\/resources\/jpg\/4\/7\/1497541481974.jpg\" width=\"400\" \/><br \/>\nElecciones democr\u00e1ticas tras la dictadura.<\/p>\n<p>&#8212;<\/p>\n<p><img decoding=\"async\" src=\"https:\/\/blogs.ua.es\/transiciondemocraciaalicante\/files\/2012\/01\/foto-EXPO-TRANSICI%C3%93N-DEMOCRACIA_p-620x749.jpg\" width=\"400\" \/><\/p>\n<p>Manifestaci\u00f3n de izquierdas durante la transici\u00f3n democr\u00e1tica.<\/p>\n<p>&nbsp;<\/p>\n<h3>\u25ca Textos hist\u00f3ricos + comentarios<\/h3>\n<p><a href=\"https:\/\/www.murciaeduca.es\/iessaavedrafajardo\/sitio\/index.cgi?wid_item=126&amp;wid_seccion=12\" target=\"_blank\" rel=\"noopener\">https:\/\/www.murciaeduca.es\/iessaavedrafajardo\/sitio\/index.cgi?wid_item=126&amp;wid_seccion=12<\/a><\/p>\n<p>&nbsp;<\/p>\n<h3>\u25ca \u00abLa transici\u00f3n democr\u00e1tica (1975-1979)\u00bb V\u00eddeo (28&#8242;)<\/h3>\n<p>(Marcos \u00c1lvarez, con fragmentos de la serie documental \u00abMemoria de Espa\u00f1a\u00bb, de RTVE)<\/p>\n<p><iframe loading=\"lazy\" title=\"TEMA 14. La transici\u00f3n democr\u00e1tica (1975-1979)\" width=\"474\" height=\"356\" src=\"https:\/\/www.youtube.com\/embed\/LcJQZAJObFw?feature=oembed\" frameborder=\"0\" allow=\"accelerometer; autoplay; clipboard-write; encrypted-media; gyroscope; picture-in-picture; web-share\" referrerpolicy=\"strict-origin-when-cross-origin\" allowfullscreen><\/iframe><\/p>\n<p>1.- El inmovilismo y la ruptura democr\u00e1tica. (00:00\u200b &#8211; 09:54\u200b)<br \/>\n2.- La reforma democr\u00e1tica. (09:54\u200b &#8211; 23:15\u200b)<br \/>\n3.- El sistema de partidos y las elecciones de 1977. (23:15\u200b &#8211; 25:55\u200b)<br \/>\n4.- La Constituci\u00f3n de 1978. (25:55\u200b &#8211; 28:03)<\/p>\n<p>&nbsp;<\/p>\n<h3>\u25ca \u00abLa Espa\u00f1a democr\u00e1tica (1979-2004)\u00bb V\u00eddeo (32&#8242;)<\/h3>\n<p>(Marcos \u00c1lvarez, con fragmentos de la serie documental \u00abMemoria de Espa\u00f1a\u00bb, de RTVE)<\/p>\n<p><iframe loading=\"lazy\" title=\"TEMA 15 - La Espa\u00f1a democr\u00e1tica (1979-2004)\" width=\"474\" height=\"356\" src=\"https:\/\/www.youtube.com\/embed\/GXqDZa_lS2E?feature=oembed\" frameborder=\"0\" allow=\"accelerometer; autoplay; clipboard-write; encrypted-media; gyroscope; picture-in-picture; web-share\" referrerpolicy=\"strict-origin-when-cross-origin\" allowfullscreen><\/iframe><\/p>\n<p id=\"yui_3_17_2_1_1683904572627_30\">1- Los Gobiernos de UCD. (00:00\u200b &#8211; 10:12\u200b) [Minutos 4-7, intento de golpe de estado 23-F 1981]]<br \/>\n2- El Estado de las Autonom\u00edas. (10:02\u200b &#8211; 12:05\u200b)<br \/>\n3- Los Gobiernos del PSOE. (12:05\u200b &#8211; 22:47\u200b)<br \/>\n4- Los Gobiernos del PP. (22:47\u200b &#8211; 31:38)\u00a0<em>NOTAS:<\/em><br \/>\n<em>&#8211; Atentados 11 marzo de 2004: en el documental no se cuenta la manipulaci\u00f3n informativa del gobierno (intenta hacer creer que ha sido ETA).<\/em><br \/>\n<em>&#8211; Constituci\u00f3n Europea: finalmente no entr\u00f3 en vigor, al ser rechazada en varios pa\u00edses. Tono \u00abpropagand\u00edstico\u00bb del audio.<\/em><\/p>\n","protected":false},"excerpt":{"rendered":"<p>\u25ca Fotograf\u00edas varias 22 de noviembre de 1975: \u00abJuro por Dios y sobre los santos evangelios, cumplir y hacer cumplir las leyes fundamentales del reino y guardar lealtad a los principios que informan el Movimiento Nacional&#8217;\u00bb. Toma de posesi\u00f3n de Juan Carlos I como sucesor de Franco, a t\u00edtulo de rey. &#8212; 5 de julio &hellip; <a href=\"https:\/\/trinidadarroyo.org\/aprende\/?page_id=736\" class=\"more-link\">Seguir leyendo <span class=\"screen-reader-text\">H\u00aa de Espa\u00f1a, 12: Transici\u00f3n y democracia<\/span> <span class=\"meta-nav\">&rarr;<\/span><\/a><\/p>\n","protected":false},"author":1,"featured_media":748,"parent":458,"menu_order":0,"comment_status":"closed","ping_status":"closed","template":"","meta":{"footnotes":""},"class_list":["post-736","page","type-page","status-publish","has-post-thumbnail","hentry"],"_links":{"self":[{"href":"https:\/\/trinidadarroyo.org\/aprende\/index.php?rest_route=\/wp\/v2\/pages\/736","targetHints":{"allow":["GET"]}}],"collection":[{"href":"https:\/\/trinidadarroyo.org\/aprende\/index.php?rest_route=\/wp\/v2\/pages"}],"about":[{"href":"https:\/\/trinidadarroyo.org\/aprende\/index.php?rest_route=\/wp\/v2\/types\/page"}],"author":[{"embeddable":true,"href":"https:\/\/trinidadarroyo.org\/aprende\/index.php?rest_route=\/wp\/v2\/users\/1"}],"replies":[{"embeddable":true,"href":"https:\/\/trinidadarroyo.org\/aprende\/index.php?rest_route=%2Fwp%2Fv2%2Fcomments&post=736"}],"version-history":[{"count":11,"href":"https:\/\/trinidadarroyo.org\/aprende\/index.php?rest_route=\/wp\/v2\/pages\/736\/revisions"}],"predecessor-version":[{"id":750,"href":"https:\/\/trinidadarroyo.org\/aprende\/index.php?rest_route=\/wp\/v2\/pages\/736\/revisions\/750"}],"up":[{"embeddable":true,"href":"https:\/\/trinidadarroyo.org\/aprende\/index.php?rest_route=\/wp\/v2\/pages\/458"}],"wp:featuredmedia":[{"embeddable":true,"href":"https:\/\/trinidadarroyo.org\/aprende\/index.php?rest_route=\/wp\/v2\/media\/748"}],"wp:attachment":[{"href":"https:\/\/trinidadarroyo.org\/aprende\/index.php?rest_route=%2Fwp%2Fv2%2Fmedia&parent=736"}],"curies":[{"name":"wp","href":"https:\/\/api.w.org\/{rel}","templated":true}]}}